{"id":17,"date":"2020-03-13T01:12:08","date_gmt":"2020-03-13T04:12:08","guid":{"rendered":"http:\/\/institutoruthguimaraes.org.br\/site\/?page_id=17-old"},"modified":"2024-02-01T00:05:59","modified_gmt":"2024-02-01T03:05:59","slug":"a-instituicao","status":"publish","type":"page","link":"https:\/\/institutoruthguimaraes.org.br\/site\/a-instituicao\/","title":{"rendered":"A INSTITUI\u00c7\u00c3O"},"content":{"rendered":"<div id=\"pl-17\"  class=\"panel-layout\" ><div id=\"pg-17-0\"  class=\"panel-grid panel-no-style\" ><div id=\"pgc-17-0-0\"  class=\"panel-grid-cell\" ><div id=\"panel-17-0-0-0\" class=\"so-panel widget widget_sow-editor panel-first-child panel-last-child\" data-index=\"0\" ><div\n\t\t\t\n\t\t\tclass=\"so-widget-sow-editor so-widget-sow-editor-base\"\n\t\t\t\n\t\t>\n<div class=\"siteorigin-widget-tinymce textwidget\">\n\t<h2>INSTITUTO RUTH GUIMAR\u00c3ES \u2013 UM LEGADO PARA O VALE<\/h2>\n<p>A escritora Ruth Guimar\u00e3es ganha instituto com seu nome, em Cachoeira Paulista<\/p>\n<p>Por <strong>Joaquim Maria Botelho e J\u00fania Botelho<\/strong><\/p>\n<div id=\"attachment_1136\" style=\"width: 352px\" class=\"wp-caption alignleft\"><img aria-describedby=\"caption-attachment-1136\" loading=\"lazy\" decoding=\"async\" class=\"wp-image-1136 \" src=\"http:\/\/institutoruthguimaraes.org.br\/site\/wp-content\/uploads\/2020\/12\/ruthzizinhobotelho-300x216.jpeg\" alt=\"Ruth Guimar\u00e3es\" width=\"342\" height=\"246\" srcset=\"https:\/\/institutoruthguimaraes.org.br\/site\/wp-content\/uploads\/2020\/12\/ruthzizinhobotelho-300x216.jpeg 300w, https:\/\/institutoruthguimaraes.org.br\/site\/wp-content\/uploads\/2020\/12\/ruthzizinhobotelho-768x552.jpeg 768w, https:\/\/institutoruthguimaraes.org.br\/site\/wp-content\/uploads\/2020\/12\/ruthzizinhobotelho.jpeg 810w\" sizes=\"auto, (max-width: 342px) 100vw, 342px\" title=\"\"><p id=\"caption-attachment-1136\" class=\"wp-caption-text\">Zizinho Botelho e Ruth Guimar\u00e3es<\/p><\/div>\n<p>Ruth Guimar\u00e3es foi escritora, autora de mais de 50 livros. Na \u00e1rea da fic\u00e7\u00e3o, produziu romance, contos, cr\u00f4nicas e pe\u00e7as de teatro. Na \u00e1rea da pesquisa folcl\u00f3rica, recolheu lendas, cren\u00e7as, costumes e v\u00e1rias manifesta\u00e7\u00f5es da cultura popular. Tamb\u00e9m traduziu obras importantes do latim, do franc\u00eas e do italiano. Ocupou a cadeira n\u00famero 22 da Academia Paulista de Letras. E foi professora por mais de 35 anos, ensinando arte e literatura. Combinou, \u00e0 perfei\u00e7\u00e3o, erudi\u00e7\u00e3o com simplicidade.<br \/>\nRuth tamb\u00e9m gostava de fogueira. Nasceu em um 13 de junho, m\u00eas de festas. M\u00eas de pa\u00e7oca de pil\u00e3o \u2013 e todo aluno que chegava pilava amendoim. Fez no seu quintal um espa\u00e7o especial para a fogueira e um fog\u00e3ozinho a lenha, onde punha uma lata cheia de pinh\u00e3o, que ficava esquentando a noite inteira. Um ranchinho para a comilan\u00e7a. Uns bancos de madeira. E todo ano tinha fogueira, fizesse frio ou n\u00e3o. Joaquim Maria, seu filho mais velho, herdou esse amor ao fogo, junta lenha tamb\u00e9m. Zizinho, o marido, recebia, conversava, fotografava. Ele tocava cavaquinho e viol\u00e3o. Ela cantava. Cantavam: \u201cmeu chap\u00e9u de paia, que veio do Cear\u00e1, meu chap\u00e9u de paia, que \u00e9 pro sol n\u00e3o me queimar\u201d e \u201cMan\u00e9 fogueteiro era o deus das crian\u00e7as, na vila distante de Tr\u00eas Cora\u00e7\u00f5es, em dia de festa soltava foguetes, fazia rodinha soltava bal\u00f5es\u201d e \u201c com a corda mi, do meu cavaquinho, fiz uma alian\u00e7a pra ela, prova de carinho\u201d. Eles cantavam e tocavam, e escreviam, e liam, e declamavam, e riam e riam.<br \/>\nE todos vinham para as festas. Eles n\u00e3o anunciavam nos jornais, n\u00e3o tinham redes sociais, n\u00e3o punham nas r\u00e1dios, mas todo mundo sabia, e todos vinham e a casa estava sempre cheia de gente, de artistas, de povo. O pipoqueiro, pobrezinho de tudo, lhe dava de presente na sua festa de anivers\u00e1rio o seu carrinho e o seu fazer. Ficava a postos a noite toda, oferecendo pipoca para toda a gente.<\/p>\n<div id=\"attachment_1133\" style=\"width: 235px\" class=\"wp-caption alignright\"><img aria-describedby=\"caption-attachment-1133\" loading=\"lazy\" decoding=\"async\" class=\"wp-image-1133 size-medium\" src=\"http:\/\/institutoruthguimaraes.org.br\/site\/wp-content\/uploads\/2020\/12\/Maquina-setembro-2011-195-225x300.jpg\" alt=\"Ruth Guimar\u00e3es\" width=\"225\" height=\"300\" srcset=\"https:\/\/institutoruthguimaraes.org.br\/site\/wp-content\/uploads\/2020\/12\/Maquina-setembro-2011-195-225x300.jpg 225w, https:\/\/institutoruthguimaraes.org.br\/site\/wp-content\/uploads\/2020\/12\/Maquina-setembro-2011-195-768x1024.jpg 768w, https:\/\/institutoruthguimaraes.org.br\/site\/wp-content\/uploads\/2020\/12\/Maquina-setembro-2011-195-1152x1536.jpg 1152w, https:\/\/institutoruthguimaraes.org.br\/site\/wp-content\/uploads\/2020\/12\/Maquina-setembro-2011-195-1536x2048.jpg 1536w, https:\/\/institutoruthguimaraes.org.br\/site\/wp-content\/uploads\/2020\/12\/Maquina-setembro-2011-195-scaled.jpg 1920w\" sizes=\"auto, (max-width: 225px) 100vw, 225px\" title=\"\"><p id=\"caption-attachment-1133\" class=\"wp-caption-text\">Ruth Guimar\u00e3es<\/p><\/div>\n<p>Zizinho morreu em outubro de 2001. Parceiro de uma vida inteira. Ruth n\u00e3o teve outro jeito, ainda n\u00e3o era sua vez, precisou suportar a perda e seguir em frente. Foi secret\u00e1ria da cultura de Cruzeiro por dois mandatos e em Cachoeira Paulista por um mandato. Seguiu fazendo palestras, encontro de folias de reis, de congadas, trabalhando no parque ecol\u00f3gico, dando entrevistas. Contando hist\u00f3rias. Publicou livros, fez lan\u00e7amentos, entrou na Academia Paulista de Letras, quis reunir mil hist\u00f3rias brasileiras e chamou os colegas da Academia, os colegas professores, escutou os que vinham na sua porta chamar seu nome para ajud\u00e1-la. N\u00e3o teve tempo, porque fazia tudo devagar e precisava ir gestando, como estava gestando o seu livro da bruxa, outro chamado um tal de Z\u00e9, sua enciclop\u00e9dia de medicina folcl\u00f3rica, os outros volumes das hist\u00f3rias infantis que come\u00e7aram com Hist\u00f3rias da On\u00e7a e Hist\u00f3rias do Jabuti, e nem sabemos quantos mais tinha borbulhando na cabe\u00e7a!<\/p>\n<p>Deixou um monte de pap\u00e9is, em um arm\u00e1rio cheio de portas, e este arm\u00e1rio \u00e9 uma daquelas maquina\u00e7\u00f5es que Deus fez para o Pedro Malazartes n\u00e3o incomodar mais ningu\u00e9m, nem o Diabo! Aquela maquina\u00e7\u00e3o do Malazartes separar o joio do trigo e vir um vento sei l\u00e1 de onde e misturar tudo outra vez.<br \/>\nDeixou tamb\u00e9m quatro herdeiros que s\u00e3o os guardi\u00f5es da mem\u00f3ria deste casal: Joaquim Maria, o n\u00famero 4, tem o acervo de seus livros, corre atr\u00e1s de editoras para a publica\u00e7\u00e3o de seus livros, Olavo, o n\u00famero 8, digitalizou as mais de tr\u00eas mil fotos de Botelho Netto, alimenta o blog \u201cretratos e cr\u00f4nicas (http:\/\/retratosecronicas.blogspot.com.br\/), alimenta o face de Botelho Netto em preto e branco (https:\/\/www.facebook.com\/botelhonetto\/?hc_ref=SEARCH) ele e Marcos (no 6) administram o espa\u00e7o Ruth Guimar\u00e3es (https:\/\/www.facebook.com\/groups\/108863609318855\/). Marcos e J\u00fania ficaram em Cachoeira Paulista e fazem a manuten\u00e7\u00e3o da casa onde nasceram Jos\u00e9 e Ruth. O terreno todo tem aproximadamente tr\u00eas mil metros quadrados, com v\u00e1rias casas constru\u00eddas, vai do viaduto ao parque ecol\u00f3gico, pela Rua Carlos Pinto, e da linha do trem ao parque ecol\u00f3gico, pela Rua Silva Caldas.<br \/>\nO \u201cTerreiro das Artes\u201d continua funcionando. L\u00e1 acontece o grupo de estudos \u201cRuth Guimar\u00e3es\u201d, uma vez por m\u00eas.<\/p>\n<p><strong>A ideia do Instituto<\/strong><br \/>\nPara manter viva a mem\u00f3ria dessa alegria pela arte, come\u00e7ou a nascer a ideia de criar uma entidade que reunisse n\u00e3o apenas o legado liter\u00e1rio f\u00edsico de Ruth Guimar\u00e3es, mas que oferecesse oportunidade de discuss\u00e3o e aprendizado de artes em geral, mais especialmente a literatura. Os irm\u00e3os conversavam a respeito da ideia e aos poucos a decis\u00e3o foi se firmando. A cria\u00e7\u00e3o do Grupo de Estudos Ruth Guimar\u00e3es, com reuni\u00f5es mensais para estudo de sua obra, foi uma das atividades que J\u00fania encabe\u00e7ou, e \u00e0 qual agregou encontros musicais e art\u00edsticos. A semente do Instituto tomava corpo.<br \/>\nEm 2016, a vereadora C\u00e1tia Bueno apresentou projeto de lei, aprovado por unanimidade, criando a Semana Ruth Guimar\u00e3es, em Cachoeira Paulista, e foi criada no Centro Cultural da cidade a Sala Ruth Guimar\u00e3es.<\/p>\n<p>Em 2017, o Instituto Silo Cultural, de Paraty, coordenado pelo compositor e cantor Lu\u00eds Perequ\u00ea e sua esposa, a core\u00f3grafa e bailarina Vanda Mota, entusiasmados por Ruth Guimar\u00e3es, foi oferecido como sede para uma exposi\u00e7\u00e3o e local de debates sobre a vida e obra da escritora. Inserida na programa\u00e7\u00e3o oficial da Flip 2017 \u2013 Festa Liter\u00e1ria de Paraty, a exposi\u00e7\u00e3o foi um sucesso de p\u00fablico, com grande repercuss\u00e3o nacional e internacional. Naturalmente cresceu a curiosidade do p\u00fablico de saber mais sobre a escritora valeparaibana. Seguiram-se dezenas de convites para que o material exibido na Flip circulasse por v\u00e1rios locais. Apenas como exemplo, foram feitos eventos dedicados a Ruth Guimar\u00e3es em Areias, Jacare\u00ed, S\u00e3o Jos\u00e9 do Barreiro, Lorena, Guaratinguet\u00e1, Cruzeiro, Caraguatatuba, S\u00e3o Paulo, entre outros.<br \/>\nEm 2018, afinal, com o lan\u00e7amento da nova reedi\u00e7\u00e3o do livro inaugural de Ruth Guimar\u00e3es (\u00c1gua Funda, lan\u00e7ado originalmente em 1946, pela Editora Globo), dessa vez pela Editora 34, de S\u00e3o Paulo, com capa de Tarsila do Amaral, a excelente receptividade fez com que a fam\u00edlia tomasse a decis\u00e3o.<\/p>\n<div id=\"attachment_1131\" style=\"width: 310px\" class=\"wp-caption alignright\"><img aria-describedby=\"caption-attachment-1131\" loading=\"lazy\" decoding=\"async\" class=\"wp-image-1131 size-medium\" src=\"http:\/\/institutoruthguimaraes.org.br\/site\/wp-content\/uploads\/2020\/12\/fund2-300x199.jpeg\" alt=\"Ruth Guimar\u00e3es\" width=\"300\" height=\"199\" srcset=\"https:\/\/institutoruthguimaraes.org.br\/site\/wp-content\/uploads\/2020\/12\/fund2-300x199.jpeg 300w, https:\/\/institutoruthguimaraes.org.br\/site\/wp-content\/uploads\/2020\/12\/fund2-1024x678.jpeg 1024w, https:\/\/institutoruthguimaraes.org.br\/site\/wp-content\/uploads\/2020\/12\/fund2-768x508.jpeg 768w, https:\/\/institutoruthguimaraes.org.br\/site\/wp-content\/uploads\/2020\/12\/fund2.jpeg 1280w\" sizes=\"auto, (max-width: 300px) 100vw, 300px\" title=\"\"><p id=\"caption-attachment-1131\" class=\"wp-caption-text\">Edmundo Carvalho, Aurelino Ferreira Jr e Joaquim Maria Botelho - Funda\u00e7\u00e3o do Instituto Ruth Guimar\u00e2es<\/p><\/div>\n<p><strong>A funda\u00e7\u00e3o do Instituto<\/strong><br \/>\nFoi realizada assembleia para instala\u00e7\u00e3o do Instituto Ruth Guimar\u00e3es, na mesma ch\u00e1cara onde funcionar\u00e1 a sede, no dia 18 de agosto de 2019. Comparecerem cerca de 100 pessoas, que se tornaram membros fundadores. Pode-se contar outras 50 que n\u00e3o puderam comparecer, mas que foram inclu\u00eddas como membros honor\u00e1rios, pela sua import\u00e2ncia social e intelectual.<br \/>\nA primeira diretoria eleita: para presidente do Conselho Diretor, J\u00fania Guimar\u00e3es Botelho, para secret\u00e1rio-geral, Joaquim Maria Guimar\u00e3es Botelho, e para tesoureiro, o escritor Edmundo Carlos Carvalho. Para o Conselho Consultivo, foram eleitos Jo\u00e3o Batista de Andrade, Juraci Faria Cond\u00e9, Diego Amaro de Almeida, Severino Antonio, Neide Almeida, Olavo Guimar\u00e3es Botelho e Fernanda R. Miranda. E, para o Conselho Fiscal: Carlos Varella, Jos\u00e9 Ant\u00f4nio Bittencourt Ferraz e Eduardo C\u00e9sar Werneck<\/p>\n<p><strong>Com a cria\u00e7\u00e3o do Instituto, Ruth Guimar\u00e3es vive, est\u00e1 entre n\u00f3s, com sua obra liter\u00e1ria. Sua trajet\u00f3ria de pesquisadora da cultura popular e do folclore, associada a uma intensa produ\u00e7\u00e3o erudita no campo da tradu\u00e7\u00e3o e da cr\u00edtica liter\u00e1ria, a colocam no cen\u00e1rio dos grandes intelectuais brasileiros.<\/strong><\/p>\n<\/div>\n<\/div><\/div><\/div><\/div><\/div>","protected":false},"excerpt":{"rendered":"<p>INSTITUTO RUTH GUIMAR\u00c3ES \u2013 UM LEGADO PARA O VALE A escritora Ruth Guimar\u00e3es ganha instituto com seu nome, em Cachoeira Paulista Por Joaquim Maria Botelho e J\u00fania Botelho Ruth Guimar\u00e3es foi escritora, autora de mais de 50 livros. Na \u00e1rea da fic\u00e7\u00e3o, produziu romance, contos, cr\u00f4nicas e pe\u00e7as de teatro. Na \u00e1rea da pesquisa folcl\u00f3rica, [&hellip;]<\/p>\n","protected":false},"author":1,"featured_media":0,"parent":0,"menu_order":0,"comment_status":"closed","ping_status":"closed","template":"","meta":{"_monsterinsights_skip_tracking":false,"_monsterinsights_sitenote_active":false,"_monsterinsights_sitenote_note":"","_monsterinsights_sitenote_category":0,"footnotes":""},"class_list":["post-17","page","type-page","status-publish","hentry","post"],"_links":{"self":[{"href":"https:\/\/institutoruthguimaraes.org.br\/site\/wp-json\/wp\/v2\/pages\/17","targetHints":{"allow":["GET"]}}],"collection":[{"href":"https:\/\/institutoruthguimaraes.org.br\/site\/wp-json\/wp\/v2\/pages"}],"about":[{"href":"https:\/\/institutoruthguimaraes.org.br\/site\/wp-json\/wp\/v2\/types\/page"}],"author":[{"embeddable":true,"href":"https:\/\/institutoruthguimaraes.org.br\/site\/wp-json\/wp\/v2\/users\/1"}],"replies":[{"embeddable":true,"href":"https:\/\/institutoruthguimaraes.org.br\/site\/wp-json\/wp\/v2\/comments?post=17"}],"version-history":[{"count":23,"href":"https:\/\/institutoruthguimaraes.org.br\/site\/wp-json\/wp\/v2\/pages\/17\/revisions"}],"predecessor-version":[{"id":2493,"href":"https:\/\/institutoruthguimaraes.org.br\/site\/wp-json\/wp\/v2\/pages\/17\/revisions\/2493"}],"wp:attachment":[{"href":"https:\/\/institutoruthguimaraes.org.br\/site\/wp-json\/wp\/v2\/media?parent=17"}],"curies":[{"name":"wp","href":"https:\/\/api.w.org\/{rel}","templated":true}]}}