{"id":19,"date":"2020-03-13T01:12:32","date_gmt":"2020-03-13T04:12:32","guid":{"rendered":"http:\/\/institutoruthguimaraes.org.br\/site\/?page_id=19-old"},"modified":"2024-06-13T22:11:57","modified_gmt":"2024-06-14T01:11:57","slug":"vida-e-obra","status":"publish","type":"page","link":"https:\/\/institutoruthguimaraes.org.br\/site\/vida-e-obra\/","title":{"rendered":"VIDA E OBRA"},"content":{"rendered":"<div id=\"pl-19\"  class=\"panel-layout\" ><div id=\"pg-19-0\"  class=\"panel-grid panel-no-style\" ><div id=\"pgc-19-0-0\"  class=\"panel-grid-cell\" ><div id=\"panel-19-0-0-0\" class=\"so-panel widget widget_sow-editor panel-first-child panel-last-child\" data-index=\"0\" ><div class=\"panel-widget-style panel-widget-style-for-19-0-0-0\" ><div\n\t\t\t\n\t\t\tclass=\"so-widget-sow-editor so-widget-sow-editor-base\"\n\t\t\t\n\t\t>\n<div class=\"siteorigin-widget-tinymce textwidget\">\n\t<h2>VIDA E OBRA DE RUTH GUIMAR\u00c3ES<\/h2>\n<p>Ruth Guimar\u00e3es Botelho nasceu em Cachoeira Paulista, no dia 13 de junho de 1920, em s\u00edtio do av\u00f4 materno, o portugu\u00eas Jos\u00e9 Botelho, guarda-chaves da Estrada de Ferro Central do Brasil, na rua do Aterro, atual Carlos Pinto, entre as barrancas do rio Para\u00edba e os trilhos da estrada de ferro. Aos dez anos de idade, publicou seus primeiros versos nos jornais locais \u201cA Regi\u00e3o\u201d e \u201cA Not\u00edcia\u201d.<\/p>\n<p><div id=\"attachment_1236\" style=\"width: 368px\" class=\"wp-caption alignleft\"><img aria-describedby=\"caption-attachment-1236\" loading=\"lazy\" decoding=\"async\" class=\"wp-image-1236\" title=\"Ruth Guimar\u00e3es e Guimar\u00e2es Rosa\" src=\"http:\/\/institutoruthguimaraes.org.br\/site\/wp-content\/uploads\/2021\/02\/ruth-guimaraes2-300x154.jpeg\" alt=\"Ruth Guimar\u00e3es e Guimar\u00e2es Rosa\" width=\"358\" height=\"184\" srcset=\"https:\/\/institutoruthguimaraes.org.br\/site\/wp-content\/uploads\/2021\/02\/ruth-guimaraes2-300x154.jpeg 300w, https:\/\/institutoruthguimaraes.org.br\/site\/wp-content\/uploads\/2021\/02\/ruth-guimaraes2-1024x525.jpeg 1024w, https:\/\/institutoruthguimaraes.org.br\/site\/wp-content\/uploads\/2021\/02\/ruth-guimaraes2-768x394.jpeg 768w, https:\/\/institutoruthguimaraes.org.br\/site\/wp-content\/uploads\/2021\/02\/ruth-guimaraes2.jpeg 1280w\" sizes=\"auto, (max-width: 358px) 100vw, 358px\" \/><p id=\"caption-attachment-1236\" class=\"wp-caption-text\">Ruth Guimar\u00e3es e Guimar\u00e2es Rosa<\/p><\/div><div id=\"attachment_1238\" style=\"width: 368px\" class=\"wp-caption alignright\"><img aria-describedby=\"caption-attachment-1238\" loading=\"lazy\" decoding=\"async\" class=\"wp-image-1238\" title=\"Ruth de Souza e Ruth Guimar\u00e3es\" src=\"http:\/\/institutoruthguimaraes.org.br\/site\/wp-content\/uploads\/2021\/02\/tuth-guimaraes-e-ruth-de-souza-300x288.jpeg\" alt=\"Ruth de Souza e Ruth Guimar\u00e3es\" width=\"358\" height=\"343\" srcset=\"https:\/\/institutoruthguimaraes.org.br\/site\/wp-content\/uploads\/2021\/02\/tuth-guimaraes-e-ruth-de-souza-300x288.jpeg 300w, https:\/\/institutoruthguimaraes.org.br\/site\/wp-content\/uploads\/2021\/02\/tuth-guimaraes-e-ruth-de-souza-1024x982.jpeg 1024w, https:\/\/institutoruthguimaraes.org.br\/site\/wp-content\/uploads\/2021\/02\/tuth-guimaraes-e-ruth-de-souza-768x737.jpeg 768w, https:\/\/institutoruthguimaraes.org.br\/site\/wp-content\/uploads\/2021\/02\/tuth-guimaraes-e-ruth-de-souza.jpeg 1280w\" sizes=\"auto, (max-width: 358px) 100vw, 358px\" \/><p id=\"caption-attachment-1238\" class=\"wp-caption-text\">Ruth de Souza e Ruth Guimar\u00e3es<\/p><\/div><\/p>\n<p>Frequentou a Escola de Arte Dram\u00e1tica, de Alfredo Mesquita, estudando Dramaturgia e Cr\u00edtica. Foi aluna e disc\u00edpula de M\u00e1rio de Andrade, que a iniciou nos estudos de folclore e literatura popular. Trabalhou para diversas editoras como revisora e tradutora. Escreveu cr\u00f4nicas, artigos e cr\u00edtica liter\u00e1ria para jornais e revistas de S\u00e3o Paulo, Rio de Janeiro e Lisboa: Correio Paulistano, A Gazeta, Di\u00e1rio de S\u00e3o Paulo, Folha da Manh\u00e3, publicando contos no Suplemento Liter\u00e1rio do jornal O Estado de S\u00e3o Paulo e cr\u00f4nicas semanais para o jornal Folha de S\u00e3o Paulo.<\/p>\n<div id=\"attachment_1577\" style=\"width: 370px\" class=\"wp-caption alignleft\"><img aria-describedby=\"caption-attachment-1577\" loading=\"lazy\" decoding=\"async\" class=\"wp-image-1577\" title=\"Dedicat\u00f3ria de Guimar\u00e3es Rosa para Ruth Guimar\u00e3es\" src=\"http:\/\/institutoruthguimaraes.org.br\/site\/wp-content\/uploads\/2021\/04\/guimaraes-rosa-576x1024.jpeg\" alt=\"Dedicat\u00f3ria de Guimar\u00e3es Rosa para Ruth Guimar\u00e3es\" width=\"360\" height=\"640\" srcset=\"https:\/\/institutoruthguimaraes.org.br\/site\/wp-content\/uploads\/2021\/04\/guimaraes-rosa-576x1024.jpeg 576w, https:\/\/institutoruthguimaraes.org.br\/site\/wp-content\/uploads\/2021\/04\/guimaraes-rosa-169x300.jpeg 169w, https:\/\/institutoruthguimaraes.org.br\/site\/wp-content\/uploads\/2021\/04\/guimaraes-rosa.jpeg 720w\" sizes=\"auto, (max-width: 360px) 100vw, 360px\" \/><p id=\"caption-attachment-1577\" class=\"wp-caption-text\">Dedicat\u00f3ria de Guimar\u00e3es Rosa para Ruth Guimar\u00e3es<\/p><\/div>\n<p>Foi rep\u00f3rter das revistas Noite Ilustrada, Carioca, Globo, Semana Ilustrada, Senhora, Quatro Rodas, Realidade, Atualidades Liter\u00e1rias e Revista Lusitana (Portugal). Em 1946, lan\u00e7ou pela Editora da Livraria Globo seu primeiro livro, \u00c1gua Funda, romance que retrata o universo rural e caipira do Vale do Para\u00edba paulista e mineiro, nas vertentes da serra da Mantiqueira, sucesso de p\u00fablico e cr\u00edtica. Um dos primeiros cr\u00edticos a lhe dar aten\u00e7\u00e3o foi Antonio C\u00e2ndido, seu amigo desde a juventude (e autor do pref\u00e1cio da reedi\u00e7\u00e3o lan\u00e7ada pela Editora Nova Fronteira em 2004). No lan\u00e7amento inaugural de \u00c1gua Funda, em 1946, estiveram presentes personalidades como Amadeu de Queiroz, Guimar\u00e3es Rosa e Lygia Fagundes Telles..<\/p>\n<p>BIBLIOGRAFIA<\/p>\n<p>LIVROS<\/p>\n<p><strong>\u00c1gua Funda<\/strong>. Porto Alegre, Edi\u00e7\u00e3o da Livraria do Globo, 1946;<br \/><strong>Filhos do Medo<\/strong>. Porto Alegre, Editora Globo, 1950;<br \/><strong>Mulheres C\u00e9lebres<\/strong>. S\u00e3o Paulo, Editora Cultrix, 1960;<br \/><strong>As M\u00e3es na Lenda e na Hist\u00f3ria<\/strong>. S\u00e3o Paulo, Editora Cultrix, 1960;<br \/>L\u00edderes Religiosos. S\u00e3o Paulo, Editora Cultrix, 1961;<br \/><strong>Lendas e F\u00e1bulas do Brasil<\/strong>. S\u00e3o Paulo, Editora Cultrix, 1972;<br \/><strong>Dicion\u00e1rio da Mitologia Grega<\/strong>. S\u00e3o Paulo, Editora Cultrix, 1972;<br \/><strong>O Mundo Caboclo de Valdomiro Silveira<\/strong>. Rio de Janeiro, Livraria Jos\u00e9 Olympio Editora\/Secretaria de Cultura, Esportes e Turismo do Estado de S\u00e3o Paulo\/Instituto Nacional do Livro, 1974;<br \/><strong>Grandes Enigmas da Hist\u00f3ria<\/strong>. S\u00e3o Paulo, Editora Cultrix, 1975;<br \/><strong>Medicina M\u00e1gica: As simpatias<\/strong>. S\u00e3o Paulo, Global Editora, 1986;<br \/><strong>Lendas e F\u00e1bulas do Brasil<\/strong>. S\u00e3o Paulo, C\u00edrculo do Livro, 1989;<br \/><strong>Cr\u00f4nicas Valeparaibanas<\/strong>. S\u00e3o Paulo, Centro Educacional Objetivo\/Funda\u00e7\u00e3o Nacional do Tropeirismo, 1992;<br \/><strong>Contos de Cidadezinha<\/strong>. Lorena, Centro Cultural Teresa D\u2019\u00c1vila, 1996;<br \/>Vestu\u00e1rio. S\u00e3o Paulo, Donato Editora Ltda., Volume, s.d.;<br \/>\u201c<strong>Esta \u00e9 a segunda carta que lhe escrevo<\/strong>\u201d, <em>in<\/em> \u201cCartas a M\u00e1rio de Andrade\u201d. Organiza\u00e7\u00e3o F\u00e1bio Lucas, Rio de Janeiro, Editora Nova Fronteira, 1993;<br \/><strong>\u00c1gua Funda<\/strong>. 2\u00aaedi\u00e7\u00e3o, com pref\u00e1cio de Antonio Candido, S\u00e3o Paulo, Editora Nova Fronteira, 2004;<br \/><strong>Calidosc\u00f3pio - A Saga de Pedro Malazarte<\/strong>. S\u00e3o Jos\u00e9 dos Campos, JAC Editora, 2006.<br \/><strong>Hist\u00f3rias de on\u00e7a.<\/strong> S\u00e3o Bernardo do Campo: Usina de Ideias, 2008. v. 1. (Projeto Macuna\u00edma).<br \/><strong>Hist\u00f3rias de jabuti.<\/strong> S\u00e3o Bernardo do Campos: Usina de Ideias, 2008. v. 2. (Projeto Macuna\u00edma).<\/p>\n<p>TEATRO<br \/>A Pens\u00e3o de Dona Branca<br \/>Romaria<\/p>\n<p>PRINCIPAIS OBRAS TRADUZIDAS POR RUTH GUIMAR\u00c3ES<br \/>\u2022 Apuleio. O asno de ouro. Introdu\u00e7\u00e3o e tradu\u00e7\u00e3o direta do latim. S\u00e3o Paulo: Cultrix, 1963.<br \/>\u2022 Balzac, H. Hist\u00f3rias fascinantes: sele\u00e7\u00e3o, tradu\u00e7\u00e3o e pref\u00e1cio. S\u00e3o Paulo: Cultrix, 1960.<br \/>\u2022 Balzac, H. Contos de Balzac. Sele\u00e7\u00e3o, tradu\u00e7\u00e3o e pref\u00e1cio. S\u00e3o Paulo: Cultrix, 1986.<br \/>\u2022 Balzac, H. Os melhores contos de Balzac. Sele\u00e7\u00e3o, tradu\u00e7\u00e3o e pref\u00e1cio. S\u00e3o Paulo: C\u00edrculo do Livro, 1988.<br \/>\u2022 Daudet, A. Contos de Alphonse Daudet. Sele\u00e7\u00e3o e pref\u00e1cio. Tradu\u00e7\u00e3o: Ruth Guimar\u00e3es e Rolando Roque da Silva. S\u00e3o Paulo: Cultrix, 1986.<br \/>\u2022 Daudet, A. Os melhores contos de Alphonse Daudet. Sele\u00e7\u00e3o e pref\u00e1cio. Tradu\u00e7\u00e3o: Ruth Guimar\u00e3es e Rolando Roque da Silva. S\u00e3o Paulo: C\u00edrculo do Livro, 1987.<br \/>\u2022 Dostoievski, F. Os mais brilhantes contos de Dostoievski. Introdu\u00e7\u00e3o, sele\u00e7\u00e3o e tradu\u00e7\u00e3o. Rio de Janeiro: Edi\u00e7\u00f5es de Ouro, 1966.<br \/>\u2022 Dostoievski, F. Contos de Dostoievski. Introdu\u00e7\u00e3o, sele\u00e7\u00e3o e tradu\u00e7\u00e3o. S\u00e3o Paulo: Cultrix, 1985.<br \/>\u2022 Dostoievski, F. Os melhores contos de F. Dostoievski. Tradu\u00e7\u00e3o, sele\u00e7\u00e3o e introdu\u00e7\u00e3o. S\u00e3o Paulo: C\u00edrculo do Livro, 1987.<br \/>\u2022 Dunne, C. Buda e Jesus: di\u00e1logos. Tradu\u00e7\u00e3o: Ruth Guimar\u00e3es e Joaquim Maria. S\u00e3o Paulo: Cultrix, 1989.<br \/>\u2022 A Dama das Cam\u00e9lias, de Alexandre Dumas Filho, sem dados bibliogr\u00e1ficos<br \/>\u2022 A Corrente, de Claras Cartas, do italiano. S\u00e3o Paulo, Editora Saraiva, s.d.<\/p>\n<p>OBRAS P\u00d3STUMAS<\/p>\n<p>\u00c1gua Funda. Reedi\u00e7\u00e3o. S\u00e3o Paulo: Editora 34, 2018<br \/>Os Filhos do Medo. Reedi\u00e7\u00e3o. S\u00e3o Paulo: UniPalmares, 2020<br \/>Contos Negros. S\u00e3o Paulo: Faro Editorial, 2020<br \/>Contos \u00cdndios. S\u00e3o Paulo: Faro Editorial, 2020<br \/>Contos do c\u00e9u e da terra: S\u00e3o Paulo: Faro Editorial, 2021<br \/>O Asno de Ouro, de Apuleio. Reedi\u00e7\u00e3o. S\u00e3o Paulo: Editora 34, 2020<br \/>Contos de encantamento. (no prelo). S\u00e3o Paulo: Faro Editorial, 2023<\/p>\n<hr \/>\n<p style=\"text-align: right;\"><a href=\"https:\/\/institutoruthguimaraes.org.br\/site\/\">P\u00e1gina principal<\/a><\/p>\n<\/div>\n<\/div><\/div><\/div><\/div><\/div><\/div>","protected":false},"excerpt":{"rendered":"<p>VIDA E OBRA DE RUTH GUIMAR\u00c3ES Ruth Guimar\u00e3es Botelho nasceu em Cachoeira Paulista, no dia 13 de junho de 1920, em s\u00edtio do av\u00f4 materno, o portugu\u00eas Jos\u00e9 Botelho, guarda-chaves da Estrada de Ferro Central do Brasil, na rua do Aterro, atual Carlos Pinto, entre as barrancas do rio Para\u00edba e os trilhos da estrada [&hellip;]<\/p>\n","protected":false},"author":1,"featured_media":0,"parent":0,"menu_order":0,"comment_status":"closed","ping_status":"closed","template":"","meta":{"_monsterinsights_skip_tracking":false,"_monsterinsights_sitenote_active":false,"_monsterinsights_sitenote_note":"","_monsterinsights_sitenote_category":0,"footnotes":""},"class_list":["post-19","page","type-page","status-publish","hentry","post"],"_links":{"self":[{"href":"https:\/\/institutoruthguimaraes.org.br\/site\/wp-json\/wp\/v2\/pages\/19","targetHints":{"allow":["GET"]}}],"collection":[{"href":"https:\/\/institutoruthguimaraes.org.br\/site\/wp-json\/wp\/v2\/pages"}],"about":[{"href":"https:\/\/institutoruthguimaraes.org.br\/site\/wp-json\/wp\/v2\/types\/page"}],"author":[{"embeddable":true,"href":"https:\/\/institutoruthguimaraes.org.br\/site\/wp-json\/wp\/v2\/users\/1"}],"replies":[{"embeddable":true,"href":"https:\/\/institutoruthguimaraes.org.br\/site\/wp-json\/wp\/v2\/comments?post=19"}],"version-history":[{"count":51,"href":"https:\/\/institutoruthguimaraes.org.br\/site\/wp-json\/wp\/v2\/pages\/19\/revisions"}],"predecessor-version":[{"id":2774,"href":"https:\/\/institutoruthguimaraes.org.br\/site\/wp-json\/wp\/v2\/pages\/19\/revisions\/2774"}],"wp:attachment":[{"href":"https:\/\/institutoruthguimaraes.org.br\/site\/wp-json\/wp\/v2\/media?parent=19"}],"curies":[{"name":"wp","href":"https:\/\/api.w.org\/{rel}","templated":true}]}}