{"id":74,"date":"2020-03-14T16:34:21","date_gmt":"2020-03-14T19:34:21","guid":{"rendered":"http:\/\/institutoruthguimaraes.org.br\/site\/?page_id=74-old"},"modified":"2026-04-13T20:48:40","modified_gmt":"2026-04-13T23:48:40","slug":"sobre-ruth-guimaraes","status":"publish","type":"page","link":"https:\/\/institutoruthguimaraes.org.br\/site\/sobre-ruth-guimaraes\/","title":{"rendered":"SOBRE RUTH GUIMAR\u00c3ES"},"content":{"rendered":"<div id=\"pl-74\"  class=\"panel-layout\" ><div id=\"pg-74-0\"  class=\"panel-grid panel-no-style\" ><div id=\"pgc-74-0-0\"  class=\"panel-grid-cell\" ><div id=\"panel-74-0-0-0\" class=\"so-panel widget widget_sow-editor panel-first-child panel-last-child\" data-index=\"0\" ><div\n\t\t\t\n\t\t\tclass=\"so-widget-sow-editor so-widget-sow-editor-base\"\n\t\t\t\n\t\t>\n<div class=\"siteorigin-widget-tinymce textwidget\">\n\t<p>\u201cRuth \u00e9 conhecida pelo romance \u2018\u00c1gua Funda\u2019, essa \u00e9 sua grande obra\u201d, diz o escritor Tom Farias,\u00a0 curador da FlinkSampa 2020, festa de literatura e cultura negra. \u201cPenso que a \u00e1rea dela era realmente a fic\u00e7\u00e3o e \u2018\u00c1gua Funda\u2019 \u00e9 sua obra m\u00e1xima\u201d, diz. Farias lembra, no entanto, que existe muito material sobre Ruth Guimar\u00e3es ainda a ser explorado \u2013 \u201co universo dela \u00e9 muito grande\u201d.<\/p>\n<p>Os links das publica\u00e7\u00f5es sobre Ruth que inserimos aqui visam a ajudar os leitores e os curiosos a descobrir mais facilmente o que procurar\u00a0 e onde procurar mais informa\u00e7\u00f5es sobre ela e assim poder escolher. \u201cEscrevo para que, afinal? Para obter honra e gl\u00f3ria? Para poder dizer tudo o que penso?\u201d, questiona a autora em um dos trechos do seu livro <em>Contos de cidadezinha<\/em>. \u201cAh! Eu conto hist\u00f3rias para quem nada exige e para quem nada tem. Para aqueles que conhe\u00e7o: os ing\u00eanuos, os pobres, os ignaros, sem erudi\u00e7\u00e3o nem filosofias. Sou um deles. Participo do seu mist\u00e9rio. Essa \u00e9 a \u00fanica humanidade dispon\u00edvel para mim.\u201d<\/p>\n<\/div>\n<\/div><\/div><\/div><\/div><div id=\"pg-74-1\"  class=\"panel-grid panel-no-style\" ><div id=\"pgc-74-1-0\"  class=\"panel-grid-cell\" ><div id=\"panel-74-1-0-0\" class=\"so-panel widget widget_sow-editor panel-first-child panel-last-child\" data-index=\"1\" ><div class=\"panel-widget-style panel-widget-style-for-74-1-0-0\" ><div\n\t\t\t\n\t\t\tclass=\"so-widget-sow-editor so-widget-sow-editor-base\"\n\t\t\t\n\t\t>\n<div class=\"siteorigin-widget-tinymce textwidget\">\n\t<p><a href=\"https:\/\/www.bbc.com\/portuguese\/brasil-55024124\" target=\"_blank\" rel=\"noopener\">BBC News - Ruth Guimar\u00e3es: o centen\u00e1rio da escritora pioneira que colocou a identidade negra no centro de sua obra<\/a><\/p>\n<\/div>\n<\/div><\/div><\/div><\/div><div id=\"pgc-74-1-1\"  class=\"panel-grid-cell\" ><div id=\"panel-74-1-1-0\" class=\"so-panel widget widget_sow-editor panel-first-child panel-last-child\" data-index=\"2\" ><div class=\"panel-widget-style panel-widget-style-for-74-1-1-0\" ><div\n\t\t\t\n\t\t\tclass=\"so-widget-sow-editor so-widget-sow-editor-base\"\n\t\t\t\n\t\t>\n<div class=\"siteorigin-widget-tinymce textwidget\">\n\t<p><a href=\"https:\/\/revistacult.uol.com.br\/home\/ruth-guimaraes-centenario\/\" target=\"_blank\" rel=\"noopener\">Revista Cult - Ruth Guimar\u00e3es: centen\u00e1rio de uma pioneira<\/a><\/p>\n<\/div>\n<\/div><\/div><\/div><\/div><div id=\"pgc-74-1-2\"  class=\"panel-grid-cell\" ><div id=\"panel-74-1-2-0\" class=\"so-panel widget widget_sow-editor panel-first-child panel-last-child\" data-index=\"3\" ><div class=\"panel-widget-style panel-widget-style-for-74-1-2-0\" ><div\n\t\t\t\n\t\t\tclass=\"so-widget-sow-editor so-widget-sow-editor-base\"\n\t\t\t\n\t\t>\n<div class=\"siteorigin-widget-tinymce textwidget\">\n\t<p><a href=\"https:\/\/www1.folha.uol.com.br\/ilustrada\/2020\/11\/centenario-da-autora-ruth-guimaraes-reaviva-obra-no-limite-entre-erudito-e-popular.shtml?utm_source=whatsapp&amp;utm_medium=social&amp;utm_campaign=compwa\" target=\"_blank\" rel=\"noopener\">Folha de S\u00e3o Paulo - Centen\u00e1rio da autora Ruth Guimar\u00e3es reaviva obra no limite entre erudito e popular<\/a><\/p>\n<\/div>\n<\/div><\/div><\/div><\/div><\/div><div id=\"pg-74-2\"  class=\"panel-grid panel-no-style\" ><div id=\"pgc-74-2-0\"  class=\"panel-grid-cell\" ><div id=\"panel-74-2-0-0\" class=\"so-panel widget widget_sow-editor panel-first-child panel-last-child\" data-index=\"4\" ><div class=\"panel-widget-style panel-widget-style-for-74-2-0-0\" ><div\n\t\t\t\n\t\t\tclass=\"so-widget-sow-editor so-widget-sow-editor-base\"\n\t\t\t\n\t\t>\n<div class=\"siteorigin-widget-tinymce textwidget\">\n\t<p><a href=\"https:\/\/revistagalileu.globo.com\/Sociedade\/Historia\/noticia\/2020\/10\/ruth-guimaraes-primeira-escritora-negra-se-projetar-nacionalmente.html\" target=\"_blank\" rel=\"noopener\">Revista Galileu - Ruth Guimar\u00e3es, a primeira escritora negra a se projetar nacionalmente<\/a><\/p>\n<\/div>\n<\/div><\/div><\/div><\/div><div id=\"pgc-74-2-1\"  class=\"panel-grid-cell\" ><div id=\"panel-74-2-1-0\" class=\"so-panel widget widget_sow-editor panel-first-child panel-last-child\" data-index=\"5\" ><div class=\"panel-widget-style panel-widget-style-for-74-2-1-0\" ><div\n\t\t\t\n\t\t\tclass=\"so-widget-sow-editor so-widget-sow-editor-base\"\n\t\t\t\n\t\t>\n<div class=\"siteorigin-widget-tinymce textwidget\">\n\t<p><a href=\"https:\/\/suplementopernambuco.com.br\/artigos\/2118-os-fluxos-cont%C3%ADnuos-de-ruth-guimar%C3%A3es-e-de-seu-livro-%C3%A1gua-funda.html\" target=\"_blank\" rel=\"noopener\">Suplemento Pernambuco - OS FLUXOS CONT\u00cdNUOS DE RUTH GUIMAR\u00c3ES E DE SEU LIVRO \"\u00c1GUA FUNDA\"<\/a><\/p>\n<\/div>\n<\/div><\/div><\/div><\/div><div id=\"pgc-74-2-2\"  class=\"panel-grid-cell\" ><div id=\"panel-74-2-2-0\" class=\"so-panel widget widget_sow-editor panel-first-child panel-last-child\" data-index=\"6\" ><div class=\"panel-widget-style panel-widget-style-for-74-2-2-0\" ><div\n\t\t\t\n\t\t\tclass=\"so-widget-sow-editor so-widget-sow-editor-base\"\n\t\t\t\n\t\t>\n<div class=\"siteorigin-widget-tinymce textwidget\">\n\t<p><a href=\"https:\/\/www.quatrocincoum.com.br\/br\/resenhas\/literatura-negra\/assim-se-vive-e-assim-se-desvive\" target=\"_blank\" rel=\"noopener\">Sele\u00e7\u00e3o de cr\u00f4nicas de Ruth Guimar\u00e3es mostra seu olhar agu\u00e7ado sobre as rela\u00e7\u00f5es que regem boa parte da sociedade brasileira. Por Edmilson de Almeida Pereira<\/a><\/p>\n<\/div>\n<\/div><\/div><\/div><\/div><\/div><div id=\"pg-74-3\"  class=\"panel-grid panel-no-style\" ><div id=\"pgc-74-3-0\"  class=\"panel-grid-cell\" ><div id=\"panel-74-3-0-0\" class=\"so-panel widget widget_sow-editor panel-first-child panel-last-child\" data-index=\"7\" ><div class=\"panel-widget-style panel-widget-style-for-74-3-0-0\" ><div\n\t\t\t\n\t\t\tclass=\"so-widget-sow-editor so-widget-sow-editor-base\"\n\t\t\t\n\t\t>\n<div class=\"siteorigin-widget-tinymce textwidget\">\n\t<p><a href=\"https:\/\/revistagalileu.globo.com\/colunistas\/sua-estante\/coluna\/2023\/11\/bowie-fobias-cannabis-e-ruth-guimaraes-10-livros-para-ler-em-novembro.ghtml\" target=\"_blank\" rel=\"noopener\">Ruth Guimar\u00e3es na Galileu - 10 livros para ler em novembro<\/a><br \/>\nPor Nathalie Provoste<\/p>\n<\/div>\n<\/div><\/div><\/div><\/div><div id=\"pgc-74-3-1\"  class=\"panel-grid-cell\" ><div id=\"panel-74-3-1-0\" class=\"so-panel widget widget_sow-editor panel-first-child panel-last-child\" data-index=\"8\" ><div class=\"panel-widget-style panel-widget-style-for-74-3-1-0\" ><div\n\t\t\t\n\t\t\tclass=\"so-widget-sow-editor so-widget-sow-editor-base\"\n\t\t\t\n\t\t>\n<div class=\"siteorigin-widget-tinymce textwidget\">\n\t<p><a href=\"http:\/\/www.letras.ufmg.br\/literafro\/autoras\/434-ruth-guimaraes\" target=\"_blank\" rel=\"noopener noreferrer\">Literafro - O portal da literatura Afro-Brasileira - Ruth Guimar\u00e3es - Dados Biogr\u00e1ficos<\/a><\/p>\n<\/div>\n<\/div><\/div><\/div><\/div><div id=\"pgc-74-3-2\"  class=\"panel-grid-cell\" ><div id=\"panel-74-3-2-0\" class=\"so-panel widget widget_sow-editor panel-first-child panel-last-child\" data-index=\"9\" ><div class=\"panel-widget-style panel-widget-style-for-74-3-2-0\" ><div\n\t\t\t\n\t\t\tclass=\"so-widget-sow-editor so-widget-sow-editor-base\"\n\t\t\t\n\t\t>\n<div class=\"siteorigin-widget-tinymce textwidget\">\n\t<p><a href=\"https:\/\/www.potiguarnoticias.com.br\/colunas\/post\/3802\/Resenha-sobre-Contos-ndios-de-Ruth-Guimares\" target=\"_blank\" rel=\"noopener\">Potiguar Not\u00edcias<\/a><br \/>\n<a href=\"https:\/\/www.potiguarnoticias.com.br\/colunas\/post\/3802\/Resenha-sobre-Contos-ndios-de-Ruth-Guimares\" target=\"_blank\" rel=\"noopener\">Resenha sobre Contos \u00edndios, de Ruth Guimar\u00e3es<\/a><\/p>\n<\/div>\n<\/div><\/div><\/div><\/div><\/div><div id=\"pg-74-4\"  class=\"panel-grid panel-no-style\" ><div id=\"pgc-74-4-0\"  class=\"panel-grid-cell\" ><div id=\"panel-74-4-0-0\" class=\"so-panel widget widget_sow-editor panel-first-child panel-last-child\" data-index=\"10\" ><div class=\"panel-widget-style panel-widget-style-for-74-4-0-0\" ><div\n\t\t\t\n\t\t\tclass=\"so-widget-sow-editor so-widget-sow-editor-base\"\n\t\t\t\n\t\t>\n<div class=\"siteorigin-widget-tinymce textwidget\">\n\t<p><a href=\"https:\/\/luizberto.com\/as-brasileiras-ruth-guimaraes\/?fbclid=IwAR1pRU7jRN3UvII-bFLkqrAC4319pnxaHbR3LPMoi6FpYbyL1N1imvxIHn4\" target=\"_blank\" rel=\"noopener\">JOS\u00c9 DOMINGOS BRITO escreve sobre as brasileiras e diz quem \u00e9 Ruth Guimar\u00e3es<\/a><\/p>\n<\/div>\n<\/div><\/div><\/div><\/div><div id=\"pgc-74-4-1\"  class=\"panel-grid-cell\" ><div id=\"panel-74-4-1-0\" class=\"so-panel widget widget_sow-editor panel-first-child panel-last-child\" data-index=\"11\" ><div class=\"panel-widget-style panel-widget-style-for-74-4-1-0\" ><div\n\t\t\t\n\t\t\tclass=\"so-widget-sow-editor so-widget-sow-editor-base\"\n\t\t\t\n\t\t>\n<div class=\"siteorigin-widget-tinymce textwidget\">\n\t<header id=\"masthead\" class=\"site-header responsive-max-width has-title-and-tagline\" role=\"banner\">\n<p class=\"site-title\"><a href=\"https:\/\/ruminandoliteratura.wordpress.com\/2024\/05\/03\/regurgitando-ideias-o-romance-agua-funda-de-ruth-guimaraes\/\" rel=\"home noopener\" target=\"_blank\">Ruminando: pastos de literatura e cr\u00edtica liter\u00e1ria<\/a><\/p>\n<p class=\"site-description\">O romance \u00c1gua funda, de Ruth Guimar\u00e3es<\/p>\n<\/header>\n<\/div>\n<\/div><\/div><\/div><\/div><div id=\"pgc-74-4-2\"  class=\"panel-grid-cell\" ><div id=\"panel-74-4-2-0\" class=\"so-panel widget widget_sow-editor panel-first-child panel-last-child\" data-index=\"12\" ><div class=\"panel-widget-style panel-widget-style-for-74-4-2-0\" ><div\n\t\t\t\n\t\t\tclass=\"so-widget-sow-editor so-widget-sow-editor-base\"\n\t\t\t\n\t\t>\n<div class=\"siteorigin-widget-tinymce textwidget\">\n\t<div class=\"title\">\n<p class=\"h1-mtitle\"><a href=\"https:\/\/bbm.usp.br\/pt-br\/bbm-no-vestibular\/sucesso-modernista-ser%C3%A1-cobrado-pela-primeira-vez-na-fuvest\/\" target=\"_blank\" rel=\"noopener\">Sucesso modernista ser\u00e1 cobrado pela primeira vez na Fuvest<\/a><\/p>\n<\/div>\n<div class=\"imain-row w-row\">\n<div class=\"imain-c1 w-col w-col-7 w-col-stack\">\n<p id=\"obra-de-ruth-guimaraes-agua-funda-fez-grande-sucesso-em-seu-lancamento-e-apos-periodo-esquecido-esta-agora-na-lista-de-leituras-obrigatorias-do-vestibular-da-usp\" class=\"h1-sub-ptitle no-margim-top\"><a href=\"https:\/\/bbm.usp.br\/pt-br\/bbm-no-vestibular\/sucesso-modernista-ser%C3%A1-cobrado-pela-primeira-vez-na-fuvest\/\" target=\"_blank\" rel=\"noopener\">Obra de Ruth Guimar\u00e3es, \u00c1gua Funda, fez grande sucesso em seu lan\u00e7amento e, ap\u00f3s per\u00edodo esquecido, est\u00e1 agora na lista de leituras obrigat\u00f3rias do vestibular da USP<\/a><\/p>\n<\/div>\n<\/div>\n<\/div>\n<\/div><\/div><\/div><\/div><\/div><div id=\"pg-74-5\"  class=\"panel-grid panel-no-style\" ><div id=\"pgc-74-5-0\"  class=\"panel-grid-cell panel-grid-cell-empty\" ><\/div><div id=\"pgc-74-5-1\"  class=\"panel-grid-cell\" ><div id=\"panel-74-5-1-0\" class=\"so-panel widget widget_sow-editor panel-first-child panel-last-child\" data-index=\"13\" ><div class=\"panel-widget-style panel-widget-style-for-74-5-1-0\" ><div\n\t\t\t\n\t\t\tclass=\"so-widget-sow-editor so-widget-sow-editor-base\"\n\t\t\t\n\t\t>\n<div class=\"siteorigin-widget-tinymce textwidget\">\n\t<p><a href=\"https:\/\/quatrocincoum.com.br\/colunas\/perspectiva-amefricana\/reencontro-com-ruth-guimaraes\/\" target=\"_blank\" rel=\"noopener\">QUATRO CINCO UM<\/a><br \/>\nReencontro com Ruth Guimar\u00e3es<br \/>\nPor: Juliana Borges<\/p>\n<\/div>\n<\/div><\/div><\/div><\/div><div id=\"pgc-74-5-2\"  class=\"panel-grid-cell\" ><div id=\"panel-74-5-2-0\" class=\"so-panel widget widget_sow-editor panel-first-child panel-last-child\" data-index=\"14\" ><div class=\"panel-widget-style panel-widget-style-for-74-5-2-0\" ><div\n\t\t\t\n\t\t\tclass=\"so-widget-sow-editor so-widget-sow-editor-base\"\n\t\t\t\n\t\t>\n<div class=\"siteorigin-widget-tinymce textwidget\">\n\t<p><a href=\"https:\/\/pantheon.ufrj.br\/bitstream\/11422\/22158\/1\/FEArmanNeto.pdf\" target=\"_blank\" rel=\"noopener\">UNIVERSIDADE FEDERAL DO RIO DE JANEIRO FACULDADE DE LETRAS <\/a><br \/>\nNA CORRENTEZA: MERGULHOS POSS\u00cdVEIS EM \u00c1GUA FUNDA, DE RUTH GUIMAR\u00c3ES<br \/>\nFrancisco Espasandin Arman Neto<\/p>\n<\/div>\n<\/div><\/div><\/div><\/div><\/div><\/div>","protected":false},"excerpt":{"rendered":"<p>\u201cRuth \u00e9 conhecida pelo romance \u2018\u00c1gua Funda\u2019, essa \u00e9 sua grande obra\u201d, diz o escritor Tom Farias,\u00a0 curador da FlinkSampa 2020, festa de literatura e cultura negra. \u201cPenso que a \u00e1rea dela era realmente a fic\u00e7\u00e3o e \u2018\u00c1gua Funda\u2019 \u00e9 sua obra m\u00e1xima\u201d, diz. Farias lembra, no entanto, que existe muito material sobre Ruth Guimar\u00e3es [&hellip;]<\/p>\n","protected":false},"author":1,"featured_media":0,"parent":0,"menu_order":0,"comment_status":"closed","ping_status":"closed","template":"","meta":{"_monsterinsights_skip_tracking":false,"_monsterinsights_sitenote_active":false,"_monsterinsights_sitenote_note":"","_monsterinsights_sitenote_category":0,"footnotes":""},"class_list":["post-74","page","type-page","status-publish","hentry","post"],"_links":{"self":[{"href":"https:\/\/institutoruthguimaraes.org.br\/site\/wp-json\/wp\/v2\/pages\/74","targetHints":{"allow":["GET"]}}],"collection":[{"href":"https:\/\/institutoruthguimaraes.org.br\/site\/wp-json\/wp\/v2\/pages"}],"about":[{"href":"https:\/\/institutoruthguimaraes.org.br\/site\/wp-json\/wp\/v2\/types\/page"}],"author":[{"embeddable":true,"href":"https:\/\/institutoruthguimaraes.org.br\/site\/wp-json\/wp\/v2\/users\/1"}],"replies":[{"embeddable":true,"href":"https:\/\/institutoruthguimaraes.org.br\/site\/wp-json\/wp\/v2\/comments?post=74"}],"version-history":[{"count":45,"href":"https:\/\/institutoruthguimaraes.org.br\/site\/wp-json\/wp\/v2\/pages\/74\/revisions"}],"predecessor-version":[{"id":3353,"href":"https:\/\/institutoruthguimaraes.org.br\/site\/wp-json\/wp\/v2\/pages\/74\/revisions\/3353"}],"wp:attachment":[{"href":"https:\/\/institutoruthguimaraes.org.br\/site\/wp-json\/wp\/v2\/media?parent=74"}],"curies":[{"name":"wp","href":"https:\/\/api.w.org\/{rel}","templated":true}]}}