{"id":82,"date":"2020-03-14T16:40:35","date_gmt":"2020-03-14T19:40:35","guid":{"rendered":"http:\/\/institutoruthguimaraes.org.br\/site\/?page_id=82-old"},"modified":"2024-06-13T22:13:20","modified_gmt":"2024-06-14T01:13:20","slug":"parcerias-before-import","status":"publish","type":"page","link":"https:\/\/institutoruthguimaraes.org.br\/site\/parcerias-before-import\/","title":{"rendered":"PARCERIAS"},"content":{"rendered":"<div id=\"pl-82\"  class=\"panel-layout\" ><div id=\"pg-82-0\"  class=\"panel-grid panel-no-style\" ><div id=\"pgc-82-0-0\"  class=\"panel-grid-cell\" ><div id=\"panel-82-0-0-0\" class=\"so-panel widget widget_sow-editor panel-first-child\" data-index=\"0\" ><div\n\t\t\t\n\t\t\tclass=\"so-widget-sow-editor so-widget-sow-editor-base\"\n\t\t\t\n\t\t><h3 class=\"widget-title\">A CASA<\/h3>\n<div class=\"siteorigin-widget-tinymce textwidget\">\n\t<p dir=\"ltr\"><img loading=\"lazy\" decoding=\"async\" class=\" wp-image-1421 alignleft\" src=\"http:\/\/institutoruthguimaraes.org.br\/site\/wp-content\/uploads\/2021\/02\/MARCA-A-CASA_PRETA-300x88.jpg\" alt=\"Ruth Guimar\u00e3es\" width=\"361\" height=\"106\" srcset=\"https:\/\/institutoruthguimaraes.org.br\/site\/wp-content\/uploads\/2021\/02\/MARCA-A-CASA_PRETA-300x88.jpg 300w, https:\/\/institutoruthguimaraes.org.br\/site\/wp-content\/uploads\/2021\/02\/MARCA-A-CASA_PRETA-1024x301.jpg 1024w, https:\/\/institutoruthguimaraes.org.br\/site\/wp-content\/uploads\/2021\/02\/MARCA-A-CASA_PRETA-768x226.jpg 768w, https:\/\/institutoruthguimaraes.org.br\/site\/wp-content\/uploads\/2021\/02\/MARCA-A-CASA_PRETA-1536x452.jpg 1536w, https:\/\/institutoruthguimaraes.org.br\/site\/wp-content\/uploads\/2021\/02\/MARCA-A-CASA_PRETA-2048x602.jpg 2048w\" sizes=\"auto, (max-width: 361px) 100vw, 361px\" title=\"\"><strong>Arte e Literatura na Serra da Mantiqueira<\/strong><\/p>\n<p><span style=\"color: #000000; font-family: arial, sans-serif;\"><span id=\"m_6321582408273358190gmail-docs-internal-guid-f3476699-7fff-3402-cadb-93b1bfedbf45\">\"A casa\"\u00a0 \u00e9 um ponto de encontro de autores e artistas independentes do Vale do Para\u00edba e Serra da Mantiqueira. Com afeto, persist\u00eancia e paix\u00e3o, trabalha na cria\u00e7\u00e3o de projetos editoriais, curadoria de eventos liter\u00e1rios, organiza\u00e7\u00e3o e digitaliza\u00e7\u00e3o de acervos, e assessoria para autores e institui\u00e7\u00f5es.\u00a0\u00a0<\/span><\/span><\/p>\n<\/div>\n<\/div><\/div><div id=\"panel-82-0-0-1\" class=\"so-panel widget widget_sow-editor panel-last-child\" data-index=\"1\" ><div\n\t\t\t\n\t\t\tclass=\"so-widget-sow-editor so-widget-sow-editor-base\"\n\t\t\t\n\t\t><h3 class=\"widget-title\">INSTITUTO DE ESTUDOS VALEPARAIBANOS - IEV<\/h3>\n<div class=\"siteorigin-widget-tinymce textwidget\">\n\t<p dir=\"ltr\"><img loading=\"lazy\" decoding=\"async\" class=\"size-full wp-image-1429 alignleft\" src=\"http:\/\/institutoruthguimaraes.org.br\/site\/wp-content\/uploads\/2021\/02\/iev.png\" alt=\"Ruth Guimar\u00e3es\" width=\"150\" height=\"141\" title=\"\"><\/p>\n<div dir=\"ltr\">\n<div>\n<p><span style=\"color: #000000;\">Com sede na cidade de Lorena (SP),\u00a0o Instituto de Estudos Valeparaibanos (IEV)\u00a0\u00e9 uma associa\u00e7\u00e3o sem fins econ\u00f4micos, de car\u00e1ter cultural, com atua\u00e7\u00e3o voltada ao desenvolvimento harm\u00f4nico do Vale do Para\u00edba e \u00e0 preserva\u00e7\u00e3o de seu patrim\u00f4nio hist\u00f3rico, cultural e ambiental. Fundado em 1973, o IEV atua em diferentes frentes, promovendo cursos, palestras, confer\u00eancias, semin\u00e1rios, simp\u00f3sios, debates e premia\u00e7\u00f5es, entre outros projetos, com o objetivo de estudar a realidade vale-paraibana e incentivar a produ\u00e7\u00e3o e a pesquisa sobre o Vale do Para\u00edba.<\/span><\/p>\n<p>Site: <a href=\"https:\/\/www.sitedoiev.com\" target=\"_blank\" rel=\"noopener\">https:\/\/www.sitedoiev.com<\/a><\/p>\n<\/div>\n<\/div>\n<\/div>\n<\/div><\/div><\/div><div id=\"pgc-82-0-1\"  class=\"panel-grid-cell\" ><div id=\"panel-82-0-1-0\" class=\"so-panel widget widget_sow-editor panel-first-child\" data-index=\"2\" ><div\n\t\t\t\n\t\t\tclass=\"so-widget-sow-editor so-widget-sow-editor-base\"\n\t\t\t\n\t\t><h3 class=\"widget-title\">LIVRARIA DO VALE<\/h3>\n<div class=\"siteorigin-widget-tinymce textwidget\">\n\t<p><span style=\"color: #000000; font-family: arial, sans-serif;\"><img loading=\"lazy\" decoding=\"async\" class=\" wp-image-1423 alignleft\" src=\"http:\/\/institutoruthguimaraes.org.br\/site\/wp-content\/uploads\/2021\/02\/LIVRARIA-DO-VALE_VERSAO-PREFERENCIAL-INTEGRAL-272x300.png\" alt=\"Ruth Guimar\u00e3es\" width=\"150\" height=\"165\" srcset=\"https:\/\/institutoruthguimaraes.org.br\/site\/wp-content\/uploads\/2021\/02\/LIVRARIA-DO-VALE_VERSAO-PREFERENCIAL-INTEGRAL-272x300.png 272w, https:\/\/institutoruthguimaraes.org.br\/site\/wp-content\/uploads\/2021\/02\/LIVRARIA-DO-VALE_VERSAO-PREFERENCIAL-INTEGRAL-929x1024.png 929w, https:\/\/institutoruthguimaraes.org.br\/site\/wp-content\/uploads\/2021\/02\/LIVRARIA-DO-VALE_VERSAO-PREFERENCIAL-INTEGRAL-768x846.png 768w, https:\/\/institutoruthguimaraes.org.br\/site\/wp-content\/uploads\/2021\/02\/LIVRARIA-DO-VALE_VERSAO-PREFERENCIAL-INTEGRAL.png 1126w\" sizes=\"auto, (max-width: 150px) 100vw, 150px\" title=\"\">Livraria \u2013 itinerante e digital - focada em levar a literatura valeparaibana por todo o Brasil. Sua rota \u00e9 definida\u00a0semanalmente por grupos de leituras, festas e eventos liter\u00e1rios e escolares da regi\u00e3o.<\/span><\/p>\n<p>Site: <a href=\"http:\/\/www.livrariadovale.com\" target=\"_blank\" rel=\"noopener\">www.livrariadovale.com<\/a><\/p>\n<\/div>\n<\/div><\/div><div id=\"panel-82-0-1-1\" class=\"so-panel widget widget_sow-editor panel-last-child\" data-index=\"3\" ><div\n\t\t\t\n\t\t\tclass=\"so-widget-sow-editor so-widget-sow-editor-base\"\n\t\t\t\n\t\t><h3 class=\"widget-title\">TRILHAS DO BRINCAR<\/h3>\n<div class=\"siteorigin-widget-tinymce textwidget\">\n\t<p><img loading=\"lazy\" decoding=\"async\" class=\"alignleft wp-image-1566 size-thumbnail\" src=\"http:\/\/institutoruthguimaraes.org.br\/site\/wp-content\/uploads\/2021\/03\/trilhas-do-brincar-150x150.jpg\" alt=\"Ruth Guimar\u00e3es\" width=\"150\" height=\"150\" srcset=\"https:\/\/institutoruthguimaraes.org.br\/site\/wp-content\/uploads\/2021\/03\/trilhas-do-brincar-150x150.jpg 150w, https:\/\/institutoruthguimaraes.org.br\/site\/wp-content\/uploads\/2021\/03\/trilhas-do-brincar-75x75.jpg 75w\" sizes=\"auto, (max-width: 150px) 100vw, 150px\" title=\"\">Trilhas do Brincar tem como o objetivo proporcionar espa\u00e7o e tempo para que a crian\u00e7a brinque, explore o di\u00e1logo e o brincar em suas diversas facetas, dentro do seu ritmo e interesse, estabelecendo la\u00e7os saud\u00e1veis consigo, com o outro e o mundo. Visa tamb\u00e9m, atrav\u00e9s do di\u00e1logo ampliado com aqueles, que cuidam e educam de crian\u00e7as e adolescentes, proporcionar-lhes espa\u00e7o, tempo e conhecimento para que percebam o brincar e a cultura l\u00fadica como um aspecto essencial ao ser humano e como \u201cirm\u00e3os\/amigos mais velhos\u201d se tornem respons\u00e1veis por garantir o direito ao brincar da nossa inf\u00e2ncia e transmitir-lhe a cultura l\u00fadica constru\u00edda socialmente. A produ\u00e7\u00e3o e partilha de conhecimento sobre a cultura l\u00fadica, o di\u00e1logo e seu significado para a vida humana, tamb\u00e9m \u00e9 nosso objetivo. Idealizado e coordenado por Lila Vanzella, tem sua sede em Guaratinguet\u00e1.<br \/>\n<a href=\"https:\/\/www.facebook.com\/trilhasdobrincar\" target=\"_blank\" rel=\"noopener\">https:\/\/www.facebook.com\/trilhasdobrincar<\/a><br \/>\nEm parceria com o Instituto Ruth Guimar\u00e3es realizamos em 2020 a Semana Mundial do Brincar em Cachoeira Paulista de 23 a 31 de maio e Lives Comemorativas do Anivers\u00e1rio de Ruth Guimar\u00e3es, em 26 e 27 de junho com o tema Dona Ruth e sua literatura.<br \/>\nOps. Depois de aqueles tem v\u00edrgula?<\/p>\n<\/div>\n<\/div><\/div><\/div><\/div><\/div>","protected":false},"excerpt":{"rendered":"<p>Arte e Literatura na Serra da Mantiqueira &#8220;A casa&#8221;\u00a0 \u00e9 um ponto de encontro de autores e artistas independentes do Vale do Para\u00edba e Serra da Mantiqueira. Com afeto, persist\u00eancia e paix\u00e3o, trabalha na cria\u00e7\u00e3o de projetos editoriais, curadoria de eventos liter\u00e1rios, organiza\u00e7\u00e3o e digitaliza\u00e7\u00e3o de acervos, e assessoria para autores e institui\u00e7\u00f5es.\u00a0\u00a0 Com sede [&hellip;]<\/p>\n","protected":false},"author":1,"featured_media":0,"parent":0,"menu_order":0,"comment_status":"closed","ping_status":"closed","template":"","meta":{"_monsterinsights_skip_tracking":false,"_monsterinsights_sitenote_active":false,"_monsterinsights_sitenote_note":"","_monsterinsights_sitenote_category":0,"footnotes":""},"class_list":["post-82","page","type-page","status-publish","hentry","post"],"_links":{"self":[{"href":"https:\/\/institutoruthguimaraes.org.br\/site\/wp-json\/wp\/v2\/pages\/82","targetHints":{"allow":["GET"]}}],"collection":[{"href":"https:\/\/institutoruthguimaraes.org.br\/site\/wp-json\/wp\/v2\/pages"}],"about":[{"href":"https:\/\/institutoruthguimaraes.org.br\/site\/wp-json\/wp\/v2\/types\/page"}],"author":[{"embeddable":true,"href":"https:\/\/institutoruthguimaraes.org.br\/site\/wp-json\/wp\/v2\/users\/1"}],"replies":[{"embeddable":true,"href":"https:\/\/institutoruthguimaraes.org.br\/site\/wp-json\/wp\/v2\/comments?post=82"}],"version-history":[{"count":16,"href":"https:\/\/institutoruthguimaraes.org.br\/site\/wp-json\/wp\/v2\/pages\/82\/revisions"}],"predecessor-version":[{"id":2775,"href":"https:\/\/institutoruthguimaraes.org.br\/site\/wp-json\/wp\/v2\/pages\/82\/revisions\/2775"}],"wp:attachment":[{"href":"https:\/\/institutoruthguimaraes.org.br\/site\/wp-json\/wp\/v2\/media?parent=82"}],"curies":[{"name":"wp","href":"https:\/\/api.w.org\/{rel}","templated":true}]}}